{"id":547,"date":"2024-03-28T14:47:52","date_gmt":"2024-03-28T14:47:52","guid":{"rendered":"https:\/\/civilaction.net\/event\/zusammen-traumen\/"},"modified":"2024-11-04T09:38:13","modified_gmt":"2024-11-04T09:38:13","slug":"zusammen-traumen","status":"publish","type":"event","link":"https:\/\/civilaction.net\/de\/event\/zusammen-traumen\/","title":{"rendered":"Zusammen Tr\u00e4umen"},"content":{"rendered":"<p>\u041e\u0431&#8217;\u0454\u0434\u043d\u0430\u043d\u0456 \u0421\u043d\u0438 &#8211; Zusammen Tr\u00e4umen<br>Ein Workshop zwischen kreativem Ausdruck, Bewegung und Meditation. Mit Hilfe von Methoden aus der Kunsttherapie schaffen wir einen warmen emotionalen Raum und wollen gemeinsam W\u00fcnsche und Visionen in k\u00fcnstlerischen Ausdruck verwandeln.<\/p><p><strong>Praktische Informationen:<\/strong><br>18. Mai 2024<br>17h<br>Kardinal-Rauscher-Platz (Meiselstra\u00dfe 1)<\/p><p>Der Workshop wird in ukrainisch und deutsch gehalten.<\/p><p>Wenn du mitmachen m\u00f6chtest, hilf uns bitte bei der Planung, indem du das Formular ausf\u00fcllst. Es kann aber auch jede*r spontan dabei sein.<\/p>\n    \n        <p>\n        <iframe style=\"overflow: scroll; border: 0; width:100%; height: 100vh\" class=\"dandelion-auto-height\" src=\"https:\/\/dandelion.events\/events\/6605821d73ef3b0045f05be5\/?ticket_form_only=1\"><\/iframe>\n        <\/p>","protected":false},"excerpt":{"rendered":"<p>\u041e\u0431&#8217;\u0454\u0434\u043d\u0430\u043d\u0456 \u0421\u043d\u0438 &#8211; Zusammen Tr\u00e4umenEin Workshop zwischen kreativem Ausdruck, Bewegung und Meditation. Mit Hilfe von Methoden aus der Kunsttherapie schaffen wir einen warmen emotionalen Raum und wollen gemeinsam W\u00fcnsche und Visionen in k\u00fcnstlerischen Ausdruck verwandeln. Praktische Informationen:18. Mai 202417hKardinal-Rauscher-Platz (Meiselstra\u00dfe 1) Der Workshop wird in ukrainisch und deutsch gehalten. Wenn du mitmachen m\u00f6chtest, hilf uns [&hellip;]<\/p>","protected":false},"featured_media":553,"template":"","topic":[],"language":[],"event-project":[],"class_list":["post-547","event","type-event","status-publish","has-post-thumbnail","hentry"],"acf":{"location":"Kardinal-Rauscher-Platz, Wien, \u00d6sterreich","date_time":"2024-05-18 15:00:00","end_time":"2024-05-18 18:00:00","project":279,"partner":"","registration_link":"https:\/\/dandelion.events\/events\/6605821d73ef3b0045f05be5\/?ticket_form_only=1"},"localized_title":"Zusammen Tr\u00e4umen","localized_link":"https:\/\/civilaction.net\/de\/event\/zusammen-traumen\/","_links":{"self":[{"href":"https:\/\/civilaction.net\/de\/wp-json\/wp\/v2\/event\/547","targetHints":{"allow":["GET"]}}],"collection":[{"href":"https:\/\/civilaction.net\/de\/wp-json\/wp\/v2\/event"}],"about":[{"href":"https:\/\/civilaction.net\/de\/wp-json\/wp\/v2\/types\/event"}],"acf:post":[{"embeddable":true,"href":"https:\/\/civilaction.net\/de\/wp-json\/wp\/v2\/project\/279"}],"wp:featuredmedia":[{"embeddable":true,"href":"https:\/\/civilaction.net\/de\/wp-json\/wp\/v2\/media\/553"}],"wp:attachment":[{"href":"https:\/\/civilaction.net\/de\/wp-json\/wp\/v2\/media?parent=547"}],"wp:term":[{"taxonomy":"topic","embeddable":true,"href":"https:\/\/civilaction.net\/de\/wp-json\/wp\/v2\/topic?post=547"},{"taxonomy":"language","embeddable":true,"href":"https:\/\/civilaction.net\/de\/wp-json\/wp\/v2\/language?post=547"},{"taxonomy":"event_project","embeddable":true,"href":"https:\/\/civilaction.net\/de\/wp-json\/wp\/v2\/event-project?post=547"}],"curies":[{"name":"wp","href":"https:\/\/api.w.org\/{rel}","templated":true}]}}