{"id":2108,"date":"2026-01-27T17:27:40","date_gmt":"2026-01-27T16:27:40","guid":{"rendered":"https:\/\/civilaction.net\/event\/can-stammtisch-february-2026\/"},"modified":"2026-01-27T22:19:52","modified_gmt":"2026-01-27T21:19:52","slug":"can-stammtisch-february-2026","status":"publish","type":"event","link":"https:\/\/civilaction.net\/de\/event\/can-stammtisch-february-2026\/","title":{"rendered":"CAN Stammtisch February 2026"},"content":{"rendered":"<p>\ud83d\udcc5 Donnerstag, 12. Februar 2026<br \/>\ud83d\udd56 19:00 \u2013 22:00 Uhr<br \/>\ud83d\udccd Caf\u00e9 Weidinger, Lerchenfelder G\u00fcrtel 1, 1160 Wien<br \/>\ud83c\udf0d Sprachen: Englisch, Deutsch, Polnisch<\/p>\n<p>Das Caf\u00e9 Wedinger hei\u00dft uns wieder willkommen, diesmal treffen wir uns unten, also bring ein paar 1-Eurom\u00fcnzen mit, wenn du Kegel spielen m\u00f6chtest.\ud83c\udfb3<\/p>\n<p>Komm und nimm an unserem monatlichen Treffen teil, um dich \u00fcber die Geschehnisse bei CAN zu informieren, neue Leute kennenzulernen und M\u00f6glichkeiten zu erkunden, dich zu engagieren - und das alles in einer entspannten Atmosph\u00e4re. Es ist eine gro\u00dfartige Gelegenheit, Kontakte zu kn\u00fcpfen, Ideen auszutauschen und ein paar lockere Gespr\u00e4che zu f\u00fchren. Egal, ob Du regelm\u00e4ssig oder zum ersten Mal dabei sind, jede*r ist willkommen! Du kannst auch gerne jemanden mitbringen!<\/p>\n\n\n<p>\n        <iframe style=\"overflow: scroll; border: 0; width:100%; height: 100%; min-height: 800px;\" scrolling=\"yes\" src=\"https:\/\/dandelion.events\/events\/6978e6f99ee3a51773446987\/?ticket_form_only=1\"><\/iframe>\n        <\/p>","protected":false},"excerpt":{"rendered":"<p>\ud83d\udcc5 Thursday, 12th of February 2026\ud83d\udd56 19:00 \u2013 22:00\ud83d\udccd Cafe Weidinger Lerchenfelder G\u00fcrtel 1, 1160 Wien\ud83c\udf0d Languages: English, German, Polish Cafe Weidinger welcomes us again, this time we meet downstairs so bring some 1 euro coins if you wanna play some bowling.\ud83c\udfb3 Join us and be part of our monthly gathering to catch up on [&hellip;]<\/p>","protected":false},"featured_media":2111,"template":"","topic":[221,219,220,211],"language":[],"event-project":[],"class_list":["post-2108","event","type-event","status-publish","has-post-thumbnail","hentry","topic-casual-meetup","topic-community-event","topic-social-gathering","topic-vienna-event"],"acf":{"location":"Cafe Weidinger, Lerchenfelder G\u00fcrtel, Vienna, Austria","date_time":"2026-02-12 18:00:00","end_time":"2026-02-12 21:00:00","project":767,"partner":"","registration_link":"https:\/\/dandelion.events\/events\/6978e6f99ee3a51773446987\/?ticket_form_only=1"},"localized_title":"CAN Stammtisch February 2026","localized_link":"https:\/\/civilaction.net\/de\/event\/can-stammtisch-february-2026\/","_links":{"self":[{"href":"https:\/\/civilaction.net\/de\/wp-json\/wp\/v2\/event\/2108","targetHints":{"allow":["GET"]}}],"collection":[{"href":"https:\/\/civilaction.net\/de\/wp-json\/wp\/v2\/event"}],"about":[{"href":"https:\/\/civilaction.net\/de\/wp-json\/wp\/v2\/types\/event"}],"acf:post":[{"embeddable":true,"href":"https:\/\/civilaction.net\/de\/wp-json\/wp\/v2\/project\/767"}],"wp:featuredmedia":[{"embeddable":true,"href":"https:\/\/civilaction.net\/de\/wp-json\/wp\/v2\/media\/2111"}],"wp:attachment":[{"href":"https:\/\/civilaction.net\/de\/wp-json\/wp\/v2\/media?parent=2108"}],"wp:term":[{"taxonomy":"topic","embeddable":true,"href":"https:\/\/civilaction.net\/de\/wp-json\/wp\/v2\/topic?post=2108"},{"taxonomy":"language","embeddable":true,"href":"https:\/\/civilaction.net\/de\/wp-json\/wp\/v2\/language?post=2108"},{"taxonomy":"event_project","embeddable":true,"href":"https:\/\/civilaction.net\/de\/wp-json\/wp\/v2\/event-project?post=2108"}],"curies":[{"name":"wp","href":"https:\/\/api.w.org\/{rel}","templated":true}]}}