{"id":1806,"date":"2025-07-30T07:33:36","date_gmt":"2025-07-30T06:33:36","guid":{"rendered":"https:\/\/civilaction.net\/event\/can-stammtisch-september-2025\/"},"modified":"2025-12-28T00:02:07","modified_gmt":"2025-12-27T23:02:07","slug":"can-stammtisch-september-2025","status":"publish","type":"event","link":"https:\/\/civilaction.net\/de\/event\/can-stammtisch-september-2025\/","title":{"rendered":"CAN Stammtisch September 2025"},"content":{"rendered":"<p>\ud83d\udcc5 Thursday, 11th of September<\/p>\n<p>\ud83d\udd56 19:00 \u2013 21:00<\/p>\n<p>\ud83d\udccd Caf\u00e9 Weidinger, Lerchenfelder G\u00fcrtel 1, 1160 Wien<\/p>\n<p>\ud83c\udf0d Sprachen: Englisch, Deutsch, Polnisch<\/p>\n<p>Komm und nimm an unserem monatlichen Treffen teil, um dich \u00fcber die Geschehnisse bei CAN zu informieren, neue Leute kennenzulernen und M\u00f6glichkeiten zu erkunden, dich zu engagieren - und das alles in einer entspannten Atmosph\u00e4re. Es ist eine gro\u00dfartige Gelegenheit, Kontakte zu kn\u00fcpfen, Ideen auszutauschen und ein paar lockere Gespr\u00e4che zu f\u00fchren. Egal, ob Du regelm\u00e4ssig oder zum ersten Mal dabei sind, jede*r ist willkommen! Du kannst auch gerne jemanden mitbringen!<\/p>\n<p>Bitte lass uns wissen, ob du kommen magst, damit wir besser planen k\u00f6nnen. Aber kurzfristige Entscheidungen sind auch okay \ud83d\ude42<\/p>\n<p>\u00a0<\/p>\n\n\n<p>\n        <iframe style=\"overflow: scroll; border: 0; width:100%; height: 100%; min-height: 800px;\" scrolling=\"yes\" src=\"https:\/\/dandelion.events\/events\/6889bcaeb41158adcda9691a\/?ticket_form_only=1\"><\/iframe>\n        <\/p>","protected":false},"excerpt":{"rendered":"<p>\ud83d\udcc5 Thursday, 11th of September \ud83d\udd56 19:00 \u2013 21:00 \ud83d\udccd Caf\u00e9 Weidinger, Lerchenfelder G\u00fcrtel 1, 1160 Wien \ud83c\udf0d Languages: English, German, Polish Come and be part of our monthly gathering to catch up on what\u2019s happening at CAN, meet new people, and explore ways to get involved\u2014all in a relaxed atmosphere. It\u2019s a great opportunity [&hellip;]<\/p>","protected":false},"featured_media":1807,"template":"","topic":[69,68,70,72,67,73],"language":[],"event-project":[183],"class_list":["post-1806","event","type-event","status-publish","has-post-thumbnail","hentry","topic-connect-with-others","topic-get-involved","topic-get-to-know-us","topic-language-english","topic-language-german","topic-language-polish","event_project-community-events"],"acf":{"location":"Cafe Weidinger, Lerchenfelder G\u00fcrtel, Vienna, Austria","date_time":"2025-09-11 19:00:00","end_time":"2025-09-11 22:00:00","project":767,"partner":"","registration_link":"https:\/\/dandelion.events\/events\/6889bcaeb41158adcda9691a\/?ticket_form_only=1"},"localized_title":"CAN Stammtisch September 2025","localized_link":"https:\/\/civilaction.net\/de\/event\/can-stammtisch-september-2025\/","_links":{"self":[{"href":"https:\/\/civilaction.net\/de\/wp-json\/wp\/v2\/event\/1806","targetHints":{"allow":["GET"]}}],"collection":[{"href":"https:\/\/civilaction.net\/de\/wp-json\/wp\/v2\/event"}],"about":[{"href":"https:\/\/civilaction.net\/de\/wp-json\/wp\/v2\/types\/event"}],"acf:post":[{"embeddable":true,"href":"https:\/\/civilaction.net\/de\/wp-json\/wp\/v2\/project\/767"}],"wp:featuredmedia":[{"embeddable":true,"href":"https:\/\/civilaction.net\/de\/wp-json\/wp\/v2\/media\/1807"}],"wp:attachment":[{"href":"https:\/\/civilaction.net\/de\/wp-json\/wp\/v2\/media?parent=1806"}],"wp:term":[{"taxonomy":"topic","embeddable":true,"href":"https:\/\/civilaction.net\/de\/wp-json\/wp\/v2\/topic?post=1806"},{"taxonomy":"language","embeddable":true,"href":"https:\/\/civilaction.net\/de\/wp-json\/wp\/v2\/language?post=1806"},{"taxonomy":"event_project","embeddable":true,"href":"https:\/\/civilaction.net\/de\/wp-json\/wp\/v2\/event-project?post=1806"}],"curies":[{"name":"wp","href":"https:\/\/api.w.org\/{rel}","templated":true}]}}